{"id":109,"date":"2023-02-13T13:56:45","date_gmt":"2023-02-13T12:56:45","guid":{"rendered":"http:\/\/crm.czest.pl\/?page_id=109"},"modified":"2023-02-13T13:56:45","modified_gmt":"2023-02-13T12:56:45","slug":"historia-cechu","status":"publish","type":"page","link":"https:\/\/crm.czest.pl\/index.php\/historia-cechu\/","title":{"rendered":"Historia Cechu"},"content":{"rendered":"\n<p><strong>Historia i wsp\u00f3\u0142czesno\u015b\u0107<\/strong><\/p>\n\n\n\n<p>CECHU RZEMIOS\u0141 METALOWYCH w Cz\u0119stochowie<\/p>\n\n\n\n<p>2 lutego 1584 roku zosta\u0142 zatwierdzony dokument powo\u0142uj\u0105cy tzw. Cech Wielki czyli Posp\u00f3lny zrzeszaj\u0105cy mistrz\u00f3w r\u00f3\u017cnych specjalno\u015bci. Za\u0142o\u017cycielami Cechu byli \u015blusarze, nale\u017celi do niego r\u00f3wnie\u017c stolarze , bednarze i stelmachowie.<\/p>\n\n\n\n<p>Kontynuatorem dzia\u0142alno\u015bci powo\u0142anego Cechu jest obecnie Cech Rzemios\u0142 Metalowych w Cz\u0119stochowie.<\/p>\n\n\n\n<p>Od po\u0142owy XVII wieku nast\u0105pi\u0142o wyra\u017ane ograniczenie rozwoju rzemios\u0142a , a nawet zanik niekt\u00f3rych bran\u017c . Przede wszystkim podupad\u0142y rzemios\u0142a grupy metalowej.<\/p>\n\n\n\n<p>Postanowieniem Namiestnika Kr\u00f3lestwa Polskiego z roku 1816 wprowadzono obowi\u0105zek organizowania tzw. zgromadze\u0144 rzemie\u015blniczych w Cechach , kt\u00f3re liczy\u0142y co najmniej dziesi\u0119ciu majstr\u00f3w danego zawodu.<\/p>\n\n\n\n<p>W tym okresie powo\u0142ano szereg Cech\u00f3w w 1828 roku reaktywowa\u0142 dzia\u0142alno\u015b\u0107&nbsp;<\/p>\n\n\n\n<p>CECH \u015aLUSARZY.&nbsp;<\/p>\n\n\n\n<p>Zacz\u0119\u0142y rozwija\u0107 si\u0119 nowe zawody jak : kowale , blacharze, gwo\u017adziarze ,kotlarze, tokarze.<\/p>\n\n\n\n<p>Na prze\u0142omie XIX i XX wieku , w zwi\u0105zku z szybkim rozwojem przemys\u0142u znacznie zwi\u0119kszy\u0142a si\u0119 ilo\u015b\u0107 zak\u0142ad\u00f3w rzemie\u015blniczych.<\/p>\n\n\n\n<p>W 1913 roku Cz\u0119stochowskie Rzemios\u0142o by\u0142o zrzeszone w 15 Cechach w tym&nbsp;<\/p>\n\n\n\n<p>Cech \u015alusarzy \u2013 Starszy Cechu J. Wi\u0119c\u0142awski<\/p>\n\n\n\n<p>Cech Kowali &#8211; Starszy Cechu W. Kapalski<\/p>\n\n\n\n<p>Cech bednarzy \u2013 Starszy Cechu G\u0142owacki<\/p>\n\n\n\n<p>W okresie mi\u0119dzywojennym znaczny wp\u0142yw na rozw\u00f3j rzemios\u0142a mia\u0142 kryzys gospodarczy.<\/p>\n\n\n\n<p>Mimo og\u00f3lnych trudno\u015bci w Cz\u0119stochowie w 1933 roku funkcjonowa\u0142y zak\u0142ady rzemios\u0142 metalowych zrzeszone w Cechach :&nbsp;<\/p>\n\n\n\n<p>\u015alusarzy , Tokarzy i Pokrewnych Zawod\u00f3w \u2013 Starszy Cechu Tadeusz Smolucha,<\/p>\n\n\n\n<p>Kowali \u2013 Starszy Cechu J\u00f3zef Rzykiecki,<\/p>\n\n\n\n<p>Blacharzy i Dekarzy \u2013 Starszy Cechu marian Fukacz,<\/p>\n\n\n\n<p>Bednarzy &#8211; Starszy Cechu Ignacy Szymala.<\/p>\n\n\n\n<p>W 1937 roku powsta\u0142 Cech Zegarmistrz\u00f3w , Jubiler\u00f3w , Grawer\u00f3w i Br\u0105zownik\u00f3w.<\/p>\n\n\n\n<p>Rok p\u00f3\u017aniej istnia\u0142o 15 rzemios\u0142 , kt\u00f3re obecnie obejmuje Cech Rzemios\u0142 Metalowych.<\/p>\n\n\n\n<p>Okres okupacji przyni\u00f3s\u0142 regres w rozwoju rzemios\u0142a we wszystkich bran\u017cach.<\/p>\n\n\n\n<p>Jedynie w zakresie zak\u0142ad\u00f3w wybitnie us\u0142ugowych, jak mi\u0119dzy innymi \u015blusarstwo , blacharstwo, kowalstwo wyst\u0105pi\u0142 mniejszy lub wi\u0119kszy ich wzrost.<\/p>\n\n\n\n<p>W tym czasie zak\u0142ady bran\u017cy metalowej zrzeszone by\u0142y w Cechach , w kt\u00f3rych funkcje Starszego Cechu pe\u0142nili:&nbsp;<\/p>\n\n\n\n<p>Cech Blacharzy i Dekarzy \u2013 Jan Puszkiewicz<\/p>\n\n\n\n<p>Cech Kowali &#8211; Wincenty Rydz<\/p>\n\n\n\n<p>Cech \u015alusarzy J\u00f3zef Kulik<\/p>\n\n\n\n<p>Cech Zegarmistrz\u00f3w , Jubiler\u00f3w , Grawer\u00f3w i Br\u0105zownik\u00f3w \u2013 Antoni Wasilewski<\/p>\n\n\n\n<p>Bardzo istotnym momentem w historii Cechu Rzemios\u0142 Metalowych by\u0142 sierpie\u0144 1948 roku na mocy zarz\u0105dzenia wojewody kieleckiego o powo\u0142aniu Zjednoczonych Cech\u00f3w Rzemie\u015blniczych powsta\u0142 CECH RZEMIOS\u0141 METALOWYCH i ELEKTROMECHANICZNYCH w Cz\u0119stochowie.<\/p>\n\n\n\n<p>W jego sk\u0142ad w\u0142\u0105czono Cechy : Kowali , \u015alusarzy , Blacharzy i Dekarzy oraz Zegarmistrz\u00f3w, Jubiler\u00f3w , Grawer\u00f3w i Br\u0105zownik\u00f3w.<\/p>\n\n\n\n<p>Cech obejmowa\u0142 rzemios\u0142a:<\/p>\n\n\n\n<p>Blacharstwo , br\u0105zownictwo , elektromechanik\u0119 , grawerstwo , kowalstwo , mechanik\u0119 maszyn , mechanik\u0119 m\u0142y\u0144sk\u0105 , mechanik\u0119 precyzyjn\u0105 , optyk\u0119 , odlewnictwo , radiomechanik\u0119 , \u015blusarstwo samochodowe , wulkanizatorstwo , wyr\u00f3b broni i amunicji, zegarmistrzostwo i z\u0142otnictwo.<\/p>\n\n\n\n<p>Zarz\u0105d Komisaryczny nowego Cechu sprawowali :<\/p>\n\n\n\n<p>Starszy Cechu \u2013 J\u00f3zef Wi\u015bniewski<\/p>\n\n\n\n<p>Podstarszy Cechu \u2013 Marian Grabczyk<\/p>\n\n\n\n<p>Sekretarz &#8211; Ksawery Pe\u0142ka&nbsp;<\/p>\n\n\n\n<p>Skarbnik &#8211; Lucjan Wzi\u0105tek<\/p>\n\n\n\n<p>W 1951 roku po reorganizacji wojew\u00f3dztw Rzemios\u0142o Cz\u0119stochowskie zosta\u0142o przy\u0142\u0105czone do Izby Rzemie\u015blniczej w Katowicach.<\/p>\n\n\n\n<p>Kolejn\u0105 reorganizacj\u0119 struktur Rzemios\u0142a przyni\u00f3s\u0142 rok 1954.<\/p>\n\n\n\n<p>Z dziewi\u0119ciu istniej\u0105cych Cech\u00f3w powsta\u0142 jeden Cech Rzemios\u0142 R\u00f3\u017cnych.<\/p>\n\n\n\n<p>Rzemios\u0142a metalowe reprezentowane by\u0142y przez sekcj\u0119 \u015blusarzy i tokarzy metalowych.<\/p>\n\n\n\n<p>Na pocz\u0105tku 1957 roku na wniosek izby rzemie\u015blniczej , Prezydium Wojew\u00f3dzkiej Rady Narodowej w Katowicach powo\u0142ano 6 nowych Cech\u00f3w , w tym Cech \u015alusarzy i Tokarzy Metalowych. Wiosn\u0105 1957 roku odby\u0142o si\u0119 zebranie wyborcze cz\u0142onk\u00f3w nowego Cechu , po kt\u00f3rym do zarz\u0105du weszli :<\/p>\n\n\n\n<p>Starszy Cechu \u2013 Stefan Kowalski<\/p>\n\n\n\n<p>I Podstarszy Cechu \u2013 Zygmunt Sokolnicki<\/p>\n\n\n\n<p>II Podstarszy Cechu \u2013 Stanis\u0142aw Szymczyk<\/p>\n\n\n\n<p>Sekretarz \u2013 Henryk Bara\u0144ski<\/p>\n\n\n\n<p>Skarbnik \u2013 Aleksander Kr\u0119tu\u015b&nbsp;<\/p>\n\n\n\n<p>Cz\u0142onkowie \u2013 Roman Krzysztofowicz , Boles\u0142aw Ch\u0105dzy\u0144ski.<\/p>\n\n\n\n<p>Uchwa\u0142\u0105 Izby Rzemie\u015blniczej w Katowicach z dnia 26.06.1957 roku do Cechu \u015alusarzy i Tokarzy Metalowych zostaj\u0105 w\u0142\u0105czeni rzemie\u015blnicy bran\u017c :<\/p>\n\n\n\n<p>Blacharskiej, galanternik\u00f3w z metalu , kowalskiej , zegarmistrzowskiej , jubilersko\u2013z\u0142otniczej, br\u0105zowniczej i odlewniczej.<\/p>\n\n\n\n<p>W zwi\u0105zku z tym zmianie ulega nazwa Cechu , kt\u00f3ry od 31.07.1957 roku nosi nazw\u0119&nbsp;<\/p>\n\n\n\n<p>CECHU RZEMIOS\u0141 METALOWYCH w Cz\u0119stochowie.<\/p>\n\n\n\n<p>Cech w\u0142asne biuro uruchomi\u0142 1.01.1958 roku , a jego kierownikiem by\u0142 J\u00f3zef \u015alusarski.<\/p>\n\n\n\n<p>Aktywizacja dzia\u0142alno\u015bci Samorz\u0105du Rzemios\u0142a Cz\u0119stochowskiego spowodowa\u0142a znaczny jego rozw\u00f3j tak w zakresie przyrostu zak\u0142ad\u00f3w , jak r\u00f3wnie\u017c \u015bwiadczonych us\u0142ug dla ludno\u015bci.<\/p>\n\n\n\n<p>W 1966 roku funkcjonowa\u0142o ju\u017c 1719 zak\u0142ad\u00f3w , w tym 432 bran\u017cy metalowej.<\/p>\n\n\n\n<p>Zarz\u0105d Cechu Rzemios\u0142 Metalowych w tym czasie reprezentowali :<\/p>\n\n\n\n<p>Starszy Cechu \u2013 Zygmunt Sokolniki&nbsp;<\/p>\n\n\n\n<p>I Podstarszy Cechu \u2013 Stanis\u0142aw Szymczyk<\/p>\n\n\n\n<p>II Podstarszy Cechu \u2013 Boles\u0142aw Ch\u0105dzy\u0144ski<\/p>\n\n\n\n<p>Sekretarz \u2013 Czes\u0142aw Za\u0142\u0119cki<\/p>\n\n\n\n<p>Skarbnik \u2013 Henryk Bara\u0144ski<\/p>\n\n\n\n<p>Cz\u0142onkowie \u2013 Henryk G\u0142adysz , Kazimierz Kijas.<\/p>\n\n\n\n<p>Kierownikiem Biura by\u0142 W\u0142adys\u0142aw Zasu\u0144<\/p>\n\n\n\n<p>W nast\u0119pnym okresie Cech pr\u0119\u017cnie si\u0119 rozwija\u0142 osi\u0105gaj\u0105c najlepsze wyniki w 1989 roku.<\/p>\n\n\n\n<p>Cech w tym czasie zrzesza\u0142 1560 zak\u0142ad\u00f3w w kt\u00f3rych zatrudniano 4200 os\u00f3b oraz 302 uczni\u00f3w.<\/p>\n\n\n\n<p>Funkcje samorz\u0105dowe pe\u0142nili w tym czasie ( w kolejno\u015bci &#8211; Starszy Cechu , I Podstarszy Cechu ,<\/p>\n\n\n\n<p>II Podstarszy Cechu )<\/p>\n\n\n\n<p>w latach 1969 \u20131973 -Zygmunt Sokolnicki , Boles\u0142aw Ch\u0105dzy\u0144ski , Henryk Bara\u0144ski<\/p>\n\n\n\n<p>w latach 1973- 1976 &#8211; Zygmunt Sokolnicki , J\u00f3zef Mielczarek , Henryk Bara\u0144ski<\/p>\n\n\n\n<p>w latach 1977-1980 &#8211; Zygmunt Sokolnicki , Jan Gorzelak , Henryk Bara\u0144ski<\/p>\n\n\n\n<p>w latach 1981- 1983 \u2013 Ryszard Piekacz , Eugeniusz Tkocz , Stanis\u0142aw Krawczyk<\/p>\n\n\n\n<p>w latach 1984 -1987 &#8211; Ryszard Piekacz , Teofil Kociszewski , Stanis\u0142aw Bory\u015b<\/p>\n\n\n\n<p>w talach 1988 &#8211; Ryszard Piekacz , Mieczys\u0142aw Ciszewski , Teofil Kociszewski<\/p>\n\n\n\n<p>Po ustawie z 1989 roku znosz\u0105cej obligatoryjn\u0105 przynale\u017cno\u015b\u0107 do Cechu liczba zrzeszonych zak\u0142ad\u00f3w zacz\u0119\u0142a male\u0107 , ale rzemios\u0142o si\u0119 nadal rozwija\u0142o i stanowi\u0142o du\u017c\u0105 cz\u0119\u015b\u0107 zak\u0142ad\u00f3w us\u0142ugowych i produkcyjnych. W 1997 roku Cech nasz zosta\u0142 odznaczony Z\u0142otym Medalem im. Jana Kili\u0144skiego.<\/p>\n\n\n\n<p>W latach od 1989 do 2004 funkcje samorz\u0105dowe pe\u0142nili :<\/p>\n\n\n\n<p>w latach 1989-1996 \u2013 Ryszard Piekacz , Teofil Kociszewski , Marian Sprawka<\/p>\n\n\n\n<p>w latach 1997-2000 &#8211; Ryszard Piekacz , Teofil Kociszewski , Stefan Rybicki<\/p>\n\n\n\n<p>w latach 2001 do XI 2003 &#8211; Ryszard Piekacz , Teofil Kociszewski , Stefan Rybicki<\/p>\n\n\n\n<p>Dnia 22 listopada 2003 roku zmar\u0142 wieloletni Starszy Cechu kol.Ryszard Piekacz i w zwi\u0105zku z tym od listopada 2003 do maja 2004 obowi\u0105zki Starszego Cechu pe\u0142ni\u0142&nbsp;kol. Teofil Kociszewski.<\/p>\n\n\n\n<p>Od maja 2004 r. do nadal funkcje samorz\u0105dowe pe\u0142ni\u0105: Stefan Rybicki, Marian Golis, S\u0142awomir Puka.<\/p>\n\n\n\n<p>Obecnie Cech Rzemios\u0142 Metalowych w Cz\u0119stochowie zrzesza 84 zak\u0142ady rzemie\u015blnicze kt\u00f3re \u015bwiadcz\u0105cych us\u0142ugi dla ludno\u015bci<\/p>\n\n\n\n<p>Zak\u0142ady przygotowuj\u0105 do zawodu 230 uczni\u00f3w w zawodach: mechanik poj.samochodowych , blacharz samochodowy , elektromechanik poj.samochodowych , lakiernik , \u015blusarz , zegarmistrz.<\/p>\n\n\n\n<p>Na Walnym Zgromadzeniu Cz\u0142onk\u00f3w Cechu w dniu 29 maja 2012 roku zosta\u0142y wybrane nowe Organy Statutowe Cechu:<\/p>\n\n\n\n<p>&nbsp;ZARZ\u0104D CECHU&nbsp;<\/p>\n\n\n\n<p>Starszy Cechu &#8211; Stefan Rybicki<\/p>\n\n\n\n<p>I Podstarszy Cechu &#8211; Marian Golis<\/p>\n\n\n\n<p>II Podstarszy Cechu &#8211; S\u0142awomir Puka<\/p>\n\n\n\n<p>Sekretarz &#8211; Roman Podlejski<\/p>\n\n\n\n<p>Skarbnik &#8211; Waldemar J\u0119drusik<\/p>\n\n\n\n<p>Cz\u0142onkowie Zarz\u0105du &#8211; Krzysztof Tomza, Daniel Mlek<\/p>\n\n\n\n<p>KOMISJA REWIZYJNA<\/p>\n\n\n\n<p>Przewodnicz\u0105cy &#8211; Jerzy Kowalik<\/p>\n\n\n\n<p>Cz\u0142onek Kom.Rew. &#8211; Marek Siemi\u0144ski, Janusz Zieli\u0144ski<\/p>\n\n\n\n<p>S\u0104D CECHOWY<\/p>\n\n\n\n<p>Przewodnicz\u0105cy &#8211; Waldemar Klimasi\u0144ski<\/p>\n\n\n\n<p>Cz\u0142onkowie &#8211; Jerzy Kowalik, Marek Siemi\u0144ski, Andrzej G\u00f3ra, Miros\u0142aw Zi\u0119baczewski, El\u017cbieta Sprawka.<\/p>\n\n\n\n<p>Funkcj\u0119 Kierownika Biura Cechu od 2006 roku pe\u0142ni P. Aneta Kupczyk.<\/p>\n\n\n\n<p>Zarz\u0105d Cechu i Biuro Cechu wykonuj\u0105 prac\u0119 na rzecz zrzeszonych zak\u0142ad\u00f3w.<\/p>\n\n\n\n<p>Przez pracownik\u00f3w i zaproszonych wyk\u0142adowc\u00f3w prowadzona jest dzia\u0142alno\u015b\u0107 szkoleniowa i doradcza z zakresu prawa pracy , BHP , spraw podatkowych , przepis\u00f3w ZUS oraz innych zwi\u0105zanych z funkcjonowaniem zak\u0142ad\u00f3w rzemie\u015blniczych. Wa\u017cn\u0105 dzia\u0142alno\u015bci\u0105 Zarz\u0105du jest wsp\u00f3\u0142praca , negocjacje i kontakty z w\u0142adzami miasta&nbsp; w sprawach gospodarczych i ekonomicznych rzemios\u0142a. Cech wsp\u00f3\u0142pracuje tak\u017ce z w\u0142adzami o\u015bwiaty , dyrekcjami szk\u00f3\u0142 , Ochotniczymi Hufcami Pracy i Powiatowym Urz\u0119dem Pracy w sprawach dotycz\u0105cych zawodowego szkolenia uczni. Cech sprawuje nadz\u00f3r nad szkoleniem zawodowym m\u0142odocianych w zak\u0142adach rzemie\u015blniczych .Przedstawiciele Biura Cechu i Zarz\u0105du bior\u0105 udzia\u0142 w Targach Edukacyjnych oraz nawi\u0105zuj\u0105c kontakt ze szko\u0142ami promuj\u0105c nasze kierunki zawodu. Staramy zach\u0119ci\u0107 m\u0142odzie\u017c do nauki zawodu w zak\u0142adach rzemie\u015blniczych , kt\u00f3re zapewniaj\u0105 dok\u0142adne zapoznanie si\u0119 z wykonywanym zawodem. Pracownicy Biura wraz z przedstawicielami Zarz\u0105du dokonuj\u0105 wizytacji zak\u0142ad\u00f3w szkol\u0105cych w celu udzielania bie\u017c\u0105cych informacji dotycz\u0105cych prowadzenia dokumentacji zwi\u0105zanej z nauka zawodu oraz warunk\u00f3w BHP i P.PO\u017b.Cech zajmuje si\u0119 r\u00f3wnie\u017c organizacj\u0105 \u017cycia kulturalno-o\u015bwiatowego dla rzemie\u015blnik\u00f3w i ich rodzin.&nbsp;<\/p>\n\n\n\n<p>Tradycje rzemios\u0142 metalowych si\u0119gaj\u0105 ponad czterystu lat stanowi\u0105c istotny argument istnienia Cechu i jego dalszego rozwoju.<\/p>\n","protected":false},"excerpt":{"rendered":"<p>Historia i wsp\u00f3\u0142czesno\u015b\u0107 CECHU RZEMIOS\u0141 METALOWYCH w Cz\u0119stochowie 2 lutego 1584 roku zosta\u0142 zatwierdzony dokument powo\u0142uj\u0105cy tzw. Cech Wielki czyli Posp\u00f3lny zrzeszaj\u0105cy mistrz\u00f3w r\u00f3\u017cnych specjalno\u015bci. Za\u0142o\u017cycielami Cechu byli \u015blusarze, nale\u017celi do niego r\u00f3wnie\u017c stolarze , bednarze i stelmachowie. Kontynuatorem dzia\u0142alno\u015bci &hellip; <a href=\"https:\/\/crm.czest.pl\/index.php\/historia-cechu\/\">Czytaj dalej <span class=\"meta-nav\">&rarr;<\/span><\/a><\/p>\n","protected":false},"author":1,"featured_media":0,"parent":0,"menu_order":0,"comment_status":"closed","ping_status":"closed","template":"","meta":{"footnotes":""},"class_list":["post-109","page","type-page","status-publish","hentry"],"_links":{"self":[{"href":"https:\/\/crm.czest.pl\/index.php\/wp-json\/wp\/v2\/pages\/109","targetHints":{"allow":["GET"]}}],"collection":[{"href":"https:\/\/crm.czest.pl\/index.php\/wp-json\/wp\/v2\/pages"}],"about":[{"href":"https:\/\/crm.czest.pl\/index.php\/wp-json\/wp\/v2\/types\/page"}],"author":[{"embeddable":true,"href":"https:\/\/crm.czest.pl\/index.php\/wp-json\/wp\/v2\/users\/1"}],"replies":[{"embeddable":true,"href":"https:\/\/crm.czest.pl\/index.php\/wp-json\/wp\/v2\/comments?post=109"}],"version-history":[{"count":1,"href":"https:\/\/crm.czest.pl\/index.php\/wp-json\/wp\/v2\/pages\/109\/revisions"}],"predecessor-version":[{"id":110,"href":"https:\/\/crm.czest.pl\/index.php\/wp-json\/wp\/v2\/pages\/109\/revisions\/110"}],"wp:attachment":[{"href":"https:\/\/crm.czest.pl\/index.php\/wp-json\/wp\/v2\/media?parent=109"}],"curies":[{"name":"wp","href":"https:\/\/api.w.org\/{rel}","templated":true}]}}